{"id":1826,"date":"2017-04-05T14:49:46","date_gmt":"2017-04-05T12:49:46","guid":{"rendered":"http:\/\/www.hotellapaix.com\/pelerins\/"},"modified":"2017-09-14T11:35:42","modified_gmt":"2017-09-14T09:35:42","slug":"peregrinos","status":"publish","type":"page","link":"https:\/\/www.hotellapaix.com\/es\/peregrinos\/","title":{"rendered":"Peregrinos"},"content":{"rendered":"<p>[vc_row hide_bg_mobile=\u00bbyes\u00bb equal_height=\u00bbyes\u00bb bg_type=\u00bbimage\u00bb parallax_style=\u00bbvcpb-default\u00bb bg_image_new=\u00bbid^1037|url^http:\/\/www.hotellapaix.com\/wp-content\/uploads\/2017\/04\/bandeau.jpg|caption^null|alt^null|title^bandeau|description^null\u00bb bg_image_repeat=\u00bbno-repeat\u00bb bg_image_posiiton=\u00bb0 0&#8243;][vc_column el_class=\u00bbexe_pad_left\u00bb offset=\u00bbvc_col-lg-6 vc_col-md-12&#8243;]<div class=\"ult-content-box-container \" >\t\t<div class=\"ult-content-box\" style=\"box-shadow: px px px px #f7f7f7 none;margin-right:34px;-webkit-transition: all 700ms ease;-moz-transition: all 700ms ease;-ms-transition: all 700ms ease;-o-transition: all 700ms ease;transition: all 700ms ease;\"  data-hover_box_shadow=\"none\"   data-responsive_margins=\"margin-right:15px;\"   data-normal_margins=\"margin-right:34px;\"  ><div class=\"ult-animation  ult-animate-viewport  ult-no-mobile \" data-animate=\"fadeInLeft\" data-animation-delay=\"0.3\" data-animation-duration=\"1\" data-animation-iteration=\"1\" style=\"opacity:0;\" data-opacity_start_effect=\"100\"><div id=\"ultimate-heading-558869f51684b1918\" class=\"uvc-heading ult-adjust-bottom-margin ultimate-heading-558869f51684b1918 uvc-2016 letter_spacing_06\" data-hspacer=\"no_spacer\"  data-halign=\"left\" style=\"text-align:left\"><div class=\"uvc-heading-spacer no_spacer\" style=\"top\"><\/div><div class=\"uvc-main-heading ult-responsive\"  data-ultimate-target='.uvc-heading.ultimate-heading-558869f51684b1918 h2'  data-responsive-json-new='{\"font-size\":\"desktop:25px;\",\"line-height\":\"\"}' ><h2 style=\"font-family:'Poppins';font-weight:600;color:#3d3935;margin-top:30px;margin-bottom:13px;\">Etapa del peregrinaje<\/h2><\/div><div class=\"uvc-sub-heading ult-responsive\"  data-ultimate-target='.uvc-heading.ultimate-heading-558869f51684b1918 .uvc-sub-heading '  data-responsive-json-new='{\"font-size\":\"\",\"line-height\":\"desktop:24px;\"}'  style=\"font-family:'Poppins';font-weight:normal;color:#9c9c9c;margin-bottom:12px;\"><\/p>\n<p style=\"text-align: justify;\">El hotel de la Paix le propone una etapa en el peregrinaje en Saint Palais, situado a 31 km de Saint Jean Pied de Port y a 13 km de Ostabat.<br \/>\nEs el punto de encuentro de las tres v\u00edas principales del Puy-en-Velay (GR 65), de Tour y de V\u00e9zalay (GR 654),donde encontrar\u00e1 todas las tiendas y servicios necesarios antes de atravesar los Pirineos en Roncesvalles.<\/p>\n<p>&nbsp;<\/p>\n<p><strong>F\u00f3rmula peregrinos\u00a0: habitaci\u00f3n, cena y desayuno<\/strong><br \/>\nMedia pensi\u00f3n si 1 persona en la habitaci\u00f3n\u00a0: 75\u20ac\/d\u00eda<br \/>\nMedia pensi\u00f3n si 2 personas en la habitaci\u00f3n\u00a0: 62\u20ac\/pers\/d\u00eda<br \/>\nTasa de estancia\u00a0: 0.70\u20ac\/pers\/d\u00eda<\/div><\/div><\/div>\t\t<\/div><\/div>[\/vc_column][vc_column offset=\u00bbvc_col-lg-6 vc_col-md-12&#8243;][vc_single_image image=\u00bb1158&#8243; img_size=\u00bbfull\u00bb][\/vc_column][\/vc_row][vc_row hide_bg_mobile=\u00bbyes\u00bb equal_height=\u00bbyes\u00bb bg_type=\u00bbimage\u00bb parallax_style=\u00bbvcpb-default\u00bb bg_image_new=\u00bbid^1037|url^http:\/\/www.hotellapaix.com\/wp-content\/uploads\/2017\/04\/bandeau.jpg|caption^null|alt^null|title^bandeau|description^null\u00bb bg_image_repeat=\u00bbno-repeat\u00bb bg_image_posiiton=\u00bb0 0&#8243;][vc_column offset=\u00bbvc_col-lg-6 vc_col-md-12&#8243;][vc_single_image image=\u00bb1180&#8243; img_size=\u00bbfull\u00bb][\/vc_column][vc_column offset=\u00bbvc_col-lg-6 vc_col-md-12&#8243; css=\u00bb.vc_custom_1491489847206{padding-right: 180px !important;}\u00bb]<div class=\"ult-content-box-container \" >\t\t<div class=\"ult-content-box\" style=\"box-shadow: px px px px #f7f7f7 none;-webkit-transition: all 700ms ease;-moz-transition: all 700ms ease;-ms-transition: all 700ms ease;-o-transition: all 700ms ease;transition: all 700ms ease;\"  data-hover_box_shadow=\"none\"   data-responsive_margins=\"margin-right:15px;\"   ><div class=\"ult-animation  ult-animate-viewport  ult-no-mobile \" data-animate=\"fadeInLeft\" data-animation-delay=\"0.3\" data-animation-duration=\"1\" data-animation-iteration=\"1\" style=\"opacity:0;\" data-opacity_start_effect=\"100\"><div id=\"ultimate-heading-404169f51684b1991\" class=\"uvc-heading ult-adjust-bottom-margin ultimate-heading-404169f51684b1991 uvc-7186 \" data-hspacer=\"no_spacer\"  data-halign=\"left\" style=\"text-align:left\"><div class=\"uvc-heading-spacer no_spacer\" style=\"top\"><\/div><div class=\"uvc-main-heading ult-responsive\"  data-ultimate-target='.uvc-heading.ultimate-heading-404169f51684b1991 h2'  data-responsive-json-new='{\"font-size\":\"desktop:25px;\",\"line-height\":\"\"}' ><h2 style=\"font-family:'Poppins';font-weight:600;color:#3d3935;margin-top:30px;margin-bottom:13px;\">El camino de Gibraltar<\/h2><\/div><div class=\"uvc-sub-heading ult-responsive\"  data-ultimate-target='.uvc-heading.ultimate-heading-404169f51684b1991 .uvc-sub-heading '  data-responsive-json-new='{\"font-size\":\"\",\"line-height\":\"desktop:24px;\"}'  style=\"font-family:'Poppins';font-weight:normal;color:#9c9c9c;margin-bottom:12px;\"><\/p>\n<p style=\"text-align: justify;\">Que en vasco, significa \u00ab\u00a0salvador\u00a0\u00bb, protector de los peregrinos, le conducir\u00e1 hasta la estela que marca la intersecci\u00f3n de los caminos de Santiago.<br \/>\nAqu\u00ed est\u00e1 en uno de los siete caminos declarado Patrimonio mundial de la UNESCO asequible a todos en menos de una hora siguiendo el sendero GR654 y 655.<br \/>\nLlegando a la c\u00faspide del Monte Saint-Sauveur descubrir\u00e1 las gigantescas estatuas de Christian Lapie as\u00ed como un panorama excepcional con vistas a la cadena de los Pirineos y la Baja Navarra.<\/p>\n<p style=\"text-align: justify;\">Encontrar\u00e1 adjunto las diferentes posibilidades que permiten llegar a Saint Palais seg\u00fan la v\u00eda que tome. Podr\u00e1 descargar el documento a continuaci\u00f3n\u00a0:<\/p>\n<ul>\n<li style=\"text-align: justify;\"><a href=\"http:\/\/api.tourisme64.com\/topoguide\/fr\/ITIAQU064V526KLO.pdf\" target=\"_blank\" rel=\"noopener noreferrer\">camino de Saint Palais hasta la estela de Gibraltar<\/a><\/li>\n<li style=\"text-align: justify;\"><a href=\"http:\/\/api.tourisme64.com\/topoguide\/fr\/ITIAQU064V525AAX.pdf\" target=\"_blank\" rel=\"noopener noreferrer\">camino de Saint Palais hasta Laribar<br \/>\n<\/a><\/li>\n<\/ul>\n<p><a href=\"https:\/\/www.christianlapie.net\/map?session=9ee6513fb25b2f565eb954860ec517f9\" target=\"_blank\" rel=\"noopener noreferrer\"><br \/>\nDescubra las esculturas de Christian Lapie a trav\u00e9s del mundo.<\/a>.<\/div><\/div><\/div>\t\t<\/div><\/div>[\/vc_column][\/vc_row]<\/p>\n","protected":false},"excerpt":{"rendered":"<p>[vc_row hide_bg_mobile=\u00bbyes\u00bb equal_height=\u00bbyes\u00bb bg_type=\u00bbimage\u00bb parallax_style=\u00bbvcpb-default\u00bb bg_image_new=\u00bbid^1037|url^http:\/\/www.hotellapaix.com\/wp-content\/uploads\/2017\/04\/bandeau.jpg|caption^null|alt^null|title^bandeau|description^null\u00bb bg_image_repeat=\u00bbno-repeat\u00bb bg_image_posiiton=\u00bb0 0&#8243;][vc_column el_class=\u00bbexe_pad_left\u00bb offset=\u00bbvc_col-lg-6 vc_col-md-12&#8243;][\/vc_column][vc_column offset=\u00bbvc_col-lg-6 vc_col-md-12&#8243;][vc_single_image image=\u00bb1158&#8243; img_size=\u00bbfull\u00bb][\/vc_column][\/vc_row][vc_row hide_bg_mobile=\u00bbyes\u00bb equal_height=\u00bbyes\u00bb bg_type=\u00bbimage\u00bb parallax_style=\u00bbvcpb-default\u00bb bg_image_new=\u00bbid^1037|url^http:\/\/www.hotellapaix.com\/wp-content\/uploads\/2017\/04\/bandeau.jpg|caption^null|alt^null|title^bandeau|description^null\u00bb bg_image_repeat=\u00bbno-repeat\u00bb bg_image_posiiton=\u00bb0 0&#8243;][vc_column offset=\u00bbvc_col-lg-6 vc_col-md-12&#8243;][vc_single_image image=\u00bb1180&#8243; img_size=\u00bbfull\u00bb][\/vc_column][vc_column offset=\u00bbvc_col-lg-6 vc_col-md-12&#8243; css=\u00bb.vc_custom_1491489847206{padding-right: 180px !important;}\u00bb][\/vc_column][\/vc_row]<\/p>\n","protected":false},"author":1,"featured_media":0,"parent":0,"menu_order":0,"comment_status":"closed","ping_status":"closed","template":"","meta":{"footnotes":""},"class_list":["post-1826","page","type-page","status-publish","hentry"],"_links":{"self":[{"href":"https:\/\/www.hotellapaix.com\/es\/wp-json\/wp\/v2\/pages\/1826","targetHints":{"allow":["GET"]}}],"collection":[{"href":"https:\/\/www.hotellapaix.com\/es\/wp-json\/wp\/v2\/pages"}],"about":[{"href":"https:\/\/www.hotellapaix.com\/es\/wp-json\/wp\/v2\/types\/page"}],"author":[{"embeddable":true,"href":"https:\/\/www.hotellapaix.com\/es\/wp-json\/wp\/v2\/users\/1"}],"replies":[{"embeddable":true,"href":"https:\/\/www.hotellapaix.com\/es\/wp-json\/wp\/v2\/comments?post=1826"}],"version-history":[{"count":2,"href":"https:\/\/www.hotellapaix.com\/es\/wp-json\/wp\/v2\/pages\/1826\/revisions"}],"predecessor-version":[{"id":1828,"href":"https:\/\/www.hotellapaix.com\/es\/wp-json\/wp\/v2\/pages\/1826\/revisions\/1828"}],"wp:attachment":[{"href":"https:\/\/www.hotellapaix.com\/es\/wp-json\/wp\/v2\/media?parent=1826"}],"curies":[{"name":"wp","href":"https:\/\/api.w.org\/{rel}","templated":true}]}}